{"id":74,"date":"2014-08-15T00:47:52","date_gmt":"2014-08-14T22:47:52","guid":{"rendered":"http:\/\/peter\/?page_id=74"},"modified":"2022-03-11T12:14:19","modified_gmt":"2022-03-11T10:14:19","slug":"publikationen-auswahl","status":"publish","type":"page","link":"https:\/\/peter.vollmer.ch\/?page_id=74","title":{"rendered":"Publikationen (Auswahl)"},"content":{"rendered":"<p><strong>&#8211; Verkehrsverlagerung im G\u00fcterverkehr: Wichtiger Aspekt im grenz\u00fcberschreitenden Verkehr. In: Journal f\u00fcr Mobilit\u00e4t und Verkehr, 11\/2021, ISSN 2628-4154. Deutsche Verkehrswissenschaftliche Gesellschaft (DVWG), Berlin 2021<\/strong><\/p>\n<p><strong>\u00a0&#8211; Den \u00f6ffentlichen Verkehr auf die \u00dcberholspur bringen! Zwischen Organisatonsform, Politik und Partizipation &#8211; Die Schweizer Bahn 2000 und der Deutschlandtakt im Vergleich; mit Moritz W\u00fchr. In: Schweizer Jahrbuch f\u00fcr Verkehr 2021, St. Gallen 2021<\/strong><\/p>\n<p><span style=\"color: #000000;\">&#8211; Doppelinterview zur 68er Bewegung mit Rudolf H. Strahm und\u00a0 Peter Vollmer.<br \/>\nIn: Revolte, Rausch und Razzien,\u00a0 Bern 2017<\/span><\/p>\n<p><span style=\"color: #000000;\">&#8211; Mobility Pricing: Ein richtiger Ansatz &#8211; falsch kommuniziert!<br \/>\nIn: Schweizer Jahrbuch f\u00fcr Verkehr 2017, St. Gallen 2017<br \/>\n<\/span><br \/>\n&#8211; <span style=\"color: #000000;\">Direkte Demokratie und F\u00f6deralismus als Schl\u00fcssel f\u00fcr Qualit\u00e4t im \u00f6ffentlichen Verkehr. In:\u00a0\u00a0\u00a0\u00a0 Jahrbuch der Schweizer Verkehrswirtschaft 2011, St. Gallen 2011<\/span><\/p>\n<p><span style=\"color: #000000;\"><span style=\"color: #000000;\">&#8211;\u00a0 Der \u00f6ffentliche Verkehr im Abstimmungskampf, mit Hans Kaspar Schiesser, Dokumentation zur Plakatausstellung 2011, V\u00f6V, Bern 2011<\/span><\/span><\/p>\n<p><span style=\"color: #000000;\">&#8211;\u00a0 Die touristische Bedeutung des integrierten \u00f6ffentlichen Verkehrssystems der Schweiz, mit Christian Bumann, In: Schweizer Handbuch f\u00fcr Tourismus 2010, Berlin 2011<\/span><\/p>\n<p><span style=\"color: #000000;\"><span style=\"color: #000000;\">&#8211;\u00a0 Zuk\u00fcnftige Entwicklung der Bahninfrastrukur (ZEB), mit Hans Kaspar Schiesser, V\u00f6V-Schriften, Bern 2008<\/span><\/span><\/p>\n<p><span style=\"color: #000000;\">&#8211;\u00a0 Zwischen Anspruch und Wirklichkeit. Vom Versuch autorit\u00e4re Strukturen zu \u00fcberwinden. NZZ, 25.4.2008<\/span><\/p>\n<p><span style=\"color: #000000;\"><span style=\"color: #000000;\"><span style=\"color: #000000;\">&#8211;\u00a0 Seilbahnen sind sicherer als alle anderen Transportmittel (Interview), In: Wissen macht sicher, Sicherheitsinstitut 1-2008, Z\u00fcrich 2008<\/span><\/span><\/span><\/p>\n<p><span style=\"color: #000000;\">&#8211;\u00a0 Es braucht das Zusammenspiel und das Engagement aller Ebenen (Interview), In: Die Politik, April 2008, Bern 2008<\/span><\/p>\n<p><span style=\"color: #000000;\">&#8211;\u00a0 Swiss half Card and Price depence, mit Hans Kaspar Schiesser, In: railway update, 3-2007, Luzern 2007<\/span><\/p>\n<p><span style=\"color: #000000;\">&#8211;\u00a0 Schneehallen: Ein noch unerforschtes Feld f\u00fcr die Freizeitwissenschaft? In: Festschrift Prof. H.R. M\u00fcller, Universit\u00e4t Bern, 2007<\/span><\/p>\n<p><span style=\"color: #000000;\">\u00a0<\/span><span style=\"color: #000000;\">&#8211;\u00a0 Die Bahnen haben sich dem Wettbewerb l\u00e4ngst gestellt, In: die Volkswirtschaft, 12-2003, Bern 2003<\/span><\/p>\n<p><span style=\"color: #000000;\">&#8211;\u00a0 Die Bedeutung der Seilbahnen f\u00fcr den Tourismus in der Schweiz, In: Die Volkswirtschaft, 06-2002, Bern 2002<\/span><\/p>\n<p><span style=\"color: #000000;\"><span style=\"color: #000000;\"><span style=\"color: #000000;\">&#8211;\u00a0 Konkordanz- oder Konkurrenzdemokratie,\u00a0In: Zentrum und Peripherie, Festschrift f\u00fcr Richard B\u00e4umlin,\u00a0Chur\/Z\u00fcrich 1992<\/span><\/span>\u00a0<\/span><\/p>\n<p><span style=\"color: #000000;\"><span style=\"color: #000000;\"><span style=\"color: #000000;\">&#8211;\u00a0 Rosaroter Ausweg? In: Sozialdemokratie 2088, Hrsg. H. Werder, R. Meier, P. M\u00fcller, Basel 1988<\/span><\/span><\/span><\/p>\n<p><span style=\"color: #000000;\">&#8211;\u00a0 Nationalismus und politische Emanzipation, Bern-Frankfurt-New York, 1983<\/span><\/p>\n<p><span style=\"color: #000000;\">&#8211;\u00a0 Gesellschaft in Bewegung, Notwendigkeit und Chancen, In: Wander AG &#8211; Kolloquium, Bern 1983<\/span><\/p>\n<p><span style=\"color: #000000;\">&#8211;<span style=\"color: #000000;\"><span style=\"color: #000000;\"><span style=\"color: #000000;\">\u00a0 Wir Jusos, Interviewbeitrag, In: Geschichte der Jungsozialisten in den Siebzigerjahren, Hrsg. A.Fischer, Maur 1983<\/span><\/span><\/span>\u00a0 <\/span><\/p>\n<p><span style=\"color: #000000;\"><span style=\"color: #000000;\"><span style=\"color: #000000;\"><span style=\"color: #000000;\"><span style=\"color: #000000;\">&#8211;\u00a0 Die Partei als Lebensraum begreifen, In: Zw\u00fcschehalt, 13 Erfahrungsberichte der Neuen Linken, Z\u00fcrich 1979<\/span><\/span><\/span><\/span><\/span><\/p>\n<p><span style=\"color: #000000;\"><span style=\"color: #000000;\"><span style=\"color: #000000;\">&#8211;\u00a0 Bahn frei den Anpassern? In: Rezession und ich, Jahrbuch der NHG, Bern 1976<\/span><\/span><\/span><\/p>\n<p><span style=\"color: #000000;\"><span style=\"color: #000000;\"><span style=\"color: #000000;\">&#8211;\u00a0 Demokratisierung und Verfassung, Mitarbeit in Nationalfonds-Forschungsbericht\u00a0von Richard B\u00e4umlin, Bern 1976<\/span><\/span><\/span><\/p>\n<p><span style=\"color: #000000;\"><span style=\"color: #000000;\">&#8211;\u00a0 Die Fraktion zwischen Partei und Parlament,\u00a0RWW-Fakult\u00e4t Uni Bern, Bern 1973<\/span><\/span><\/p>\n<p><span style=\"color: #000000;\"><span style=\"color: #000000;\">&#8211;\u00a0 Leitbild einer Berner Jugendpolitik, mit Autorenkollektiv, Stadt Bern, Bern 1973<\/span><\/span><\/p>\n<p><span style=\"color: #000000;\">&#8211;\u00a0 Wahlmanifeste und Parteipolitik, mit Andr\u00e9 Daguet, Seminararbeit Universit\u00e4t Bern, Bern 1971<\/span><\/p>\n<p><span style=\"color: #000000;\">\u00a0<\/span><\/p>\n<p><span style=\"color: #000000;\">\u00a0<\/span><\/p>\n<p><span style=\"color: #000000;\">\u00a0<\/span><\/p>\n<p><span style=\"color: #000000;\">\u00a0<\/span><\/p>\n<p><span style=\"color: #000000;\">\u00a0<\/span><span style=\"color: #000000;\">\u00a0<\/span><\/p>\n","protected":false},"excerpt":{"rendered":"<p>&#8211; Verkehrsverlagerung im G\u00fcterverkehr: Wichtiger Aspekt im grenz\u00fcberschreitenden Verkehr. In: Journal f\u00fcr Mobilit\u00e4t und Verkehr, 11\/2021, ISSN 2628-4154. Deutsche Verkehrswissenschaftliche Gesellschaft (DVWG), Berlin 2021 \u00a0&#8211; Den \u00f6ffentlichen Verkehr auf die (&hellip;) <a href=\"https:\/\/peter.vollmer.ch\/?page_id=74\">Weiterlesen<\/a><\/p>\n","protected":false},"author":1,"featured_media":380,"parent":0,"menu_order":0,"comment_status":"closed","ping_status":"closed","template":"","meta":{"footnotes":""},"class_list":["post-74","page","type-page","status-publish","has-post-thumbnail","hentry"],"_links":{"self":[{"href":"https:\/\/peter.vollmer.ch\/index.php?rest_route=\/wp\/v2\/pages\/74","targetHints":{"allow":["GET"]}}],"collection":[{"href":"https:\/\/peter.vollmer.ch\/index.php?rest_route=\/wp\/v2\/pages"}],"about":[{"href":"https:\/\/peter.vollmer.ch\/index.php?rest_route=\/wp\/v2\/types\/page"}],"author":[{"embeddable":true,"href":"https:\/\/peter.vollmer.ch\/index.php?rest_route=\/wp\/v2\/users\/1"}],"replies":[{"embeddable":true,"href":"https:\/\/peter.vollmer.ch\/index.php?rest_route=%2Fwp%2Fv2%2Fcomments&post=74"}],"version-history":[{"count":19,"href":"https:\/\/peter.vollmer.ch\/index.php?rest_route=\/wp\/v2\/pages\/74\/revisions"}],"predecessor-version":[{"id":844,"href":"https:\/\/peter.vollmer.ch\/index.php?rest_route=\/wp\/v2\/pages\/74\/revisions\/844"}],"wp:featuredmedia":[{"embeddable":true,"href":"https:\/\/peter.vollmer.ch\/index.php?rest_route=\/wp\/v2\/media\/380"}],"wp:attachment":[{"href":"https:\/\/peter.vollmer.ch\/index.php?rest_route=%2Fwp%2Fv2%2Fmedia&parent=74"}],"curies":[{"name":"wp","href":"https:\/\/api.w.org\/{rel}","templated":true}]}}