{"id":161,"date":"2014-08-19T21:24:29","date_gmt":"2014-08-19T19:24:29","guid":{"rendered":"http:\/\/peter.vollmer.ch\/?page_id=161"},"modified":"2014-11-07T15:23:21","modified_gmt":"2014-11-07T13:23:21","slug":"kommissionen-und-parl-gruppen","status":"publish","type":"page","link":"https:\/\/peter.vollmer.ch\/?page_id=161","title":{"rendered":"Kommissionen und parl. Gruppen"},"content":{"rendered":"<address><span style=\"color: #000000;\">&#8211; \u00a0 Kommission f\u00fcr Verkehr und Fernmeldewesen (Pr\u00e4sident)<\/span><\/address>\n<address><span style=\"color: #000000;\">&#8211;\u00a0 Staatspolitische Kommission<\/span><\/address>\n<address><span style=\"color: #000000;\">&#8211;\u00a0 Verfassungskommission (Neue Bundesverfassung 2000)<\/span><span style=\"color: #000000;\"><br \/>\n<\/span><\/address>\n<address><span style=\"color: #000000;\">&#8211;\u00a0 Aussenpolitische Kommission<\/span><\/address>\n<address><span style=\"color: #000000;\">&#8211;\u00a0 Finanzkommission<\/span><\/address>\n<address><span style=\"color: #000000;\">&#8211;\u00a0 St\u00e4ndige Delegation f\u00fcr die Beziehungen zum Deutschen Bundestag (Pr\u00e4sident)<\/span><\/address>\n<address><span style=\"color: #000000;\">&#8211;\u00a0 Delegation f\u00fcr die Beziehungen zum Europ\u00e4ischen \u00a0Parlament und zur EFTA (Pr\u00e4sident)<\/span><strong><span style=\"color: #000000;\">\u00a0<\/span><\/strong><\/address>\n<address>\u00a0<\/address>\n<address><strong><span style=\"color: #000000;\">Verschiedene Mandate:<\/span><\/strong><\/address>\n<address><span style=\"color: #000000;\">&#8211; PIT. Parlamentarische Informatik Testgruppe<\/span><\/address>\n<address><span style=\"color: #000000;\">&#8211; Wahlbeobachtungen in Osteuropa (im Auftrag der OSZE) und Afrika (im Auftrag der UN-DP)<\/span><\/address>\n<address>\u00a0<\/address>\n<address><strong><span style=\"color: #000000;\">Parlamentarische Gruppen:<\/span><\/strong><\/address>\n<address><span style=\"color: #000000;\">&#8211;\u00a0 Parl. Gruppe Verkehr + Tourismus (Vorstand)<\/span><\/address>\n<address><span style=\"color: #000000;\">&#8211;\u00a0 Parl. Gruppe Kultur<\/span><\/address>\n<address><span style=\"color: #000000;\">&#8211;\u00a0 Parl. Gruppe Menschenrechte (Vorstand)<\/span><\/address>\n<address><span style=\"color: #000000;\">&#8211;\u00a0 Parl. Gruppe Sport (Vorstand)<\/span><\/address>\n<address><span style=\"color: #000000;\">&#8211;\u00a0 FC Nationalrat (Captain 1994 \u2013 2004)<\/span><\/address>\n<address><a id=\"set-post-thumbnail\" class=\"thickbox\" title=\"Beitragsbild festlegen\" href=\"https:\/\/peter.vollmer.ch\/wp-admin\/media-upload.php?post_id=161&amp;type=image&amp;TB_iframe=1\"><img loading=\"lazy\" decoding=\"async\" class=\"attachment-266x266\" src=\"https:\/\/peter.vollmer.ch\/wp-content\/uploads\/2014\/08\/FC-NR-300x202.jpg\" alt=\"FC NR\" width=\"266\" height=\"179\" \/><\/a><\/address>\n","protected":false},"excerpt":{"rendered":"<p>&#8211; \u00a0 Kommission f\u00fcr Verkehr und Fernmeldewesen (Pr\u00e4sident) &#8211;\u00a0 Staatspolitische Kommission &#8211;\u00a0 Verfassungskommission (Neue Bundesverfassung 2000) &#8211;\u00a0 Aussenpolitische Kommission &#8211;\u00a0 Finanzkommission &#8211;\u00a0 St\u00e4ndige Delegation f\u00fcr die Beziehungen zum Deutschen Bundestag (&hellip;) <a href=\"https:\/\/peter.vollmer.ch\/?page_id=161\">Weiterlesen<\/a><\/p>\n","protected":false},"author":1,"featured_media":241,"parent":0,"menu_order":0,"comment_status":"closed","ping_status":"closed","template":"","meta":{"footnotes":""},"class_list":["post-161","page","type-page","status-publish","has-post-thumbnail","hentry"],"_links":{"self":[{"href":"https:\/\/peter.vollmer.ch\/index.php?rest_route=\/wp\/v2\/pages\/161","targetHints":{"allow":["GET"]}}],"collection":[{"href":"https:\/\/peter.vollmer.ch\/index.php?rest_route=\/wp\/v2\/pages"}],"about":[{"href":"https:\/\/peter.vollmer.ch\/index.php?rest_route=\/wp\/v2\/types\/page"}],"author":[{"embeddable":true,"href":"https:\/\/peter.vollmer.ch\/index.php?rest_route=\/wp\/v2\/users\/1"}],"replies":[{"embeddable":true,"href":"https:\/\/peter.vollmer.ch\/index.php?rest_route=%2Fwp%2Fv2%2Fcomments&post=161"}],"version-history":[{"count":24,"href":"https:\/\/peter.vollmer.ch\/index.php?rest_route=\/wp\/v2\/pages\/161\/revisions"}],"predecessor-version":[{"id":406,"href":"https:\/\/peter.vollmer.ch\/index.php?rest_route=\/wp\/v2\/pages\/161\/revisions\/406"}],"wp:featuredmedia":[{"embeddable":true,"href":"https:\/\/peter.vollmer.ch\/index.php?rest_route=\/wp\/v2\/media\/241"}],"wp:attachment":[{"href":"https:\/\/peter.vollmer.ch\/index.php?rest_route=%2Fwp%2Fv2%2Fmedia&parent=161"}],"curies":[{"name":"wp","href":"https:\/\/api.w.org\/{rel}","templated":true}]}}